{"id":23514,"date":"2021-07-06T09:04:34","date_gmt":"2021-07-06T07:04:34","guid":{"rendered":"https:\/\/trottinverdon.com\/blog\/"},"modified":"2023-05-01T13:59:10","modified_gmt":"2023-05-01T11:59:10","slug":"the-blog-of-trott-in-verdon","status":"publish","type":"page","link":"https:\/\/trottinverdon.com\/en\/the-blog-of-trott-in-verdon\/","title":{"rendered":"Blog"},"content":{"rendered":"\t\t<div data-elementor-type=\"wp-page\" data-elementor-id=\"23514\" class=\"elementor elementor-23514 elementor-48\">\n\t\t\t\t\t\t<section class=\"elementor-section elementor-top-section elementor-element elementor-element-a989845 elementor-section-stretched elementor-section-boxed elementor-section-height-default elementor-section-height-default\" data-id=\"a989845\" data-element_type=\"section\" data-settings=\"{&quot;stretch_section&quot;:&quot;section-stretched&quot;,&quot;jet_parallax_layout_list&quot;:[{&quot;jet_parallax_layout_image&quot;:{&quot;url&quot;:&quot;&quot;,&quot;id&quot;:&quot;&quot;,&quot;size&quot;:&quot;&quot;},&quot;_id&quot;:&quot;bf45409&quot;,&quot;jet_parallax_layout_image_tablet&quot;:{&quot;url&quot;:&quot;&quot;,&quot;id&quot;:&quot;&quot;,&quot;size&quot;:&quot;&quot;},&quot;jet_parallax_layout_image_mobile&quot;:{&quot;url&quot;:&quot;&quot;,&quot;id&quot;:&quot;&quot;,&quot;size&quot;:&quot;&quot;},&quot;jet_parallax_layout_speed&quot;:{&quot;unit&quot;:&quot;%&quot;,&quot;size&quot;:50,&quot;sizes&quot;:[]},&quot;jet_parallax_layout_type&quot;:&quot;scroll&quot;,&quot;jet_parallax_layout_direction&quot;:null,&quot;jet_parallax_layout_fx_direction&quot;:null,&quot;jet_parallax_layout_z_index&quot;:&quot;&quot;,&quot;jet_parallax_layout_bg_x&quot;:50,&quot;jet_parallax_layout_bg_x_tablet&quot;:&quot;&quot;,&quot;jet_parallax_layout_bg_x_mobile&quot;:&quot;&quot;,&quot;jet_parallax_layout_bg_y&quot;:50,&quot;jet_parallax_layout_bg_y_tablet&quot;:&quot;&quot;,&quot;jet_parallax_layout_bg_y_mobile&quot;:&quot;&quot;,&quot;jet_parallax_layout_bg_size&quot;:&quot;auto&quot;,&quot;jet_parallax_layout_bg_size_tablet&quot;:&quot;&quot;,&quot;jet_parallax_layout_bg_size_mobile&quot;:&quot;&quot;,&quot;jet_parallax_layout_animation_prop&quot;:&quot;transform&quot;,&quot;jet_parallax_layout_on&quot;:[&quot;desktop&quot;,&quot;tablet&quot;]}]}\">\n\t\t\t\t\t\t<div class=\"elementor-container elementor-column-gap-no\">\n\t\t\t\t\t<div class=\"elementor-column elementor-col-100 elementor-top-column elementor-element elementor-element-c3ad35a\" data-id=\"c3ad35a\" data-element_type=\"column\">\n\t\t\t<div class=\"elementor-widget-wrap elementor-element-populated\">\n\t\t\t\t\t\t<div class=\"elementor-element elementor-element-79faa2c elementor-widget widget elementor-widget-dt-blog-posts\" data-id=\"79faa2c\" data-element_type=\"widget\" data-widget_type=\"dt-blog-posts.default\">\n\t\t\t\t<div class=\"elementor-widget-container\">\n\t\t\t<div class=\"dt-sc-posts-list-wrapper  \" ><div class='tpl-blog-holder  apply-equal-height'><div class='grid-sizer  entry-grid-layout dt-sc-simple-style dt-sc-scalein-hover dt-sc-bt-gradient-overlay alignnone column dt-sc-one-half dt-sc-post-entry '><\/div><div class=\" entry-grid-layout dt-sc-simple-style dt-sc-scalein-hover dt-sc-bt-gradient-overlay alignnone column dt-sc-one-half dt-sc-post-entry \"><!-- #post-23464 --><article id=\"post-23464\" class=\"post-23464 post type-post status-publish format-standard has-post-thumbnail hentry category-blog-en category-cabinet-en category-interiors-en tag-multipurpose-en blog-entry\">\r\n\r\n\r\n\t<!-- Featured Image -->\r\n\t<div class=\"entry-thumb\">\r\n\t\t\r\n<a href=\"https:\/\/trottinverdon.com\/en\/blog\/the-plateau-of-valensole\/\" title=\"Permalink to The plateau of Valensole\"><img fetchpriority=\"high\" decoding=\"async\" width=\"1688\" height=\"1125\" src=\"https:\/\/trottinverdon.com\/wp-content\/uploads\/2022\/08\/plateau-de-valensole.jpg\" class=\"attachment-adventor-blog-ii-column size-adventor-blog-ii-column wp-post-image\" alt=\"\" srcset=\"https:\/\/trottinverdon.com\/wp-content\/uploads\/2022\/08\/plateau-de-valensole.jpg 1688w, https:\/\/trottinverdon.com\/wp-content\/uploads\/2022\/08\/plateau-de-valensole-300x200.jpg 300w, https:\/\/trottinverdon.com\/wp-content\/uploads\/2022\/08\/plateau-de-valensole-1024x682.jpg 1024w, https:\/\/trottinverdon.com\/wp-content\/uploads\/2022\/08\/plateau-de-valensole-768x512.jpg 768w, https:\/\/trottinverdon.com\/wp-content\/uploads\/2022\/08\/plateau-de-valensole-1536x1024.jpg 1536w, https:\/\/trottinverdon.com\/wp-content\/uploads\/2022\/08\/plateau-de-valensole-1000x666.jpg 1000w\" sizes=\"(max-width: 1688px) 100vw, 1688px\" \/><\/a>\r\n        <\/div><!-- Featured Image --><div class=\"entry-meta-group\">\r\n<!-- Entry Categories -->\r\n<div class=\"entry-categories\">\r\n\t\t\t\t<i class=\"dticon-folder\"> <\/i><a href=\"https:\/\/trottinverdon.com\/en\/blog\/category\/blog-en\/\" >Blog<\/a> <a href=\"https:\/\/trottinverdon.com\/en\/blog\/category\/cabinet-en\/\" >Cabinet<\/a> <a href=\"https:\/\/trottinverdon.com\/en\/blog\/category\/interiors-en\/\" >Interiors<\/a><\/div><!-- Entry Categories -->\r\n<!-- Entry Tags -->\r\n    <div class=\"entry-tags\"><i class=\"dticon-bookmark\"> <\/i> <a href=\"https:\/\/trottinverdon.com\/en\/blog\/tag\/multipurpose-en\/\" rel=\"tag\">Multipurpose<\/a><\/div><!-- Entry Tags -->\r\n<\/div>\r\n<!-- Entry Title -->\r\n<div class=\"entry-title\">\r\n\t<h4>    \t<a href=\"https:\/\/trottinverdon.com\/en\/blog\/the-plateau-of-valensole\/\" title=\"Permalink to The plateau of Valensole\">The plateau of Valensole<\/a>\r\n\t<\/h4>\r\n<\/div><!-- Entry Title -->\r\n\t<div class=\"entry-body\"><p>Plateau of Valensole A picturesque little Provencal town, Valensole is well named: it comes from Vallis and Sallis, the &#8220;Valley of the Sun&#8221;. The village of Valensole is known for its typical Provencal houses...<\/p><\/div>\r\n\r\n<!-- Entry Button --><div class=\"entry-button\"><a href=\"https:\/\/trottinverdon.com\/en\/blog\/the-plateau-of-valensole\/\" title=\"The plateau of Valensole\" class=\"dt-sc-button\">Lire plus<span class=\"dticon-long-arrow-right\"><\/span><\/a><\/div><!-- Entry Button --><\/article><!-- #post-23464 --><\/div><div class=\" entry-grid-layout dt-sc-simple-style dt-sc-scalein-hover dt-sc-bt-gradient-overlay alignnone column dt-sc-one-half dt-sc-post-entry \"><!-- #post-23466 --><article id=\"post-23466\" class=\"post-23466 post type-post status-publish format-standard has-post-thumbnail hentry category-blog-en category-cabinet-en category-interiors-en tag-multipurpose-en blog-entry\">\r\n\r\n\r\n\t<!-- Featured Image -->\r\n\t<div class=\"entry-thumb\">\r\n\t\t\r\n<a href=\"https:\/\/trottinverdon.com\/en\/blog\/castle-of-trigance\/\" title=\"Permalink to Castle of Trigance\"><img decoding=\"async\" width=\"800\" height=\"600\" src=\"https:\/\/trottinverdon.com\/wp-content\/uploads\/2021\/07\/43718067.jpg\" class=\"attachment-adventor-blog-ii-column size-adventor-blog-ii-column wp-post-image\" alt=\"\" srcset=\"https:\/\/trottinverdon.com\/wp-content\/uploads\/2021\/07\/43718067.jpg 800w, https:\/\/trottinverdon.com\/wp-content\/uploads\/2021\/07\/43718067-300x225.jpg 300w, https:\/\/trottinverdon.com\/wp-content\/uploads\/2021\/07\/43718067-768x576.jpg 768w\" sizes=\"(max-width: 800px) 100vw, 800px\" \/><\/a>\r\n        <\/div><!-- Featured Image --><div class=\"entry-meta-group\">\r\n<!-- Entry Categories -->\r\n<div class=\"entry-categories\">\r\n\t\t\t\t<i class=\"dticon-folder\"> <\/i><a href=\"https:\/\/trottinverdon.com\/en\/blog\/category\/blog-en\/\" >Blog<\/a> <a href=\"https:\/\/trottinverdon.com\/en\/blog\/category\/cabinet-en\/\" >Cabinet<\/a> <a href=\"https:\/\/trottinverdon.com\/en\/blog\/category\/interiors-en\/\" >Interiors<\/a><\/div><!-- Entry Categories -->\r\n<!-- Entry Tags -->\r\n    <div class=\"entry-tags\"><i class=\"dticon-bookmark\"> <\/i> <a href=\"https:\/\/trottinverdon.com\/en\/blog\/tag\/multipurpose-en\/\" rel=\"tag\">Multipurpose<\/a><\/div><!-- Entry Tags -->\r\n<\/div>\r\n<!-- Entry Title -->\r\n<div class=\"entry-title\">\r\n\t<h4>    \t<a href=\"https:\/\/trottinverdon.com\/en\/blog\/castle-of-trigance\/\" title=\"Permalink to Castle of Trigance\">Castle of Trigance<\/a>\r\n\t<\/h4>\r\n<\/div><!-- Entry Title -->\r\n\t<div class=\"entry-body\"><p>Castle of Trigance The village of Trigance is proudly dominated by its medieval castle. We can find the history of this castle written on panels hung in the streets of the village. When was...<\/p><\/div>\r\n\r\n<!-- Entry Button --><div class=\"entry-button\"><a href=\"https:\/\/trottinverdon.com\/en\/blog\/castle-of-trigance\/\" title=\"Castle of Trigance\" class=\"dt-sc-button\">Lire plus<span class=\"dticon-long-arrow-right\"><\/span><\/a><\/div><!-- Entry Button --><\/article><!-- #post-23466 --><\/div><div class=\" entry-grid-layout dt-sc-simple-style dt-sc-scalein-hover dt-sc-bt-gradient-overlay alignnone column dt-sc-one-half dt-sc-post-entry \"><!-- #post-23468 --><article id=\"post-23468\" class=\"post-23468 post type-post status-publish format-standard has-post-thumbnail hentry category-blog-en category-cabinet-en category-interiors-en tag-multipurpose-en blog-entry\">\r\n\r\n\r\n\t<!-- Featured Image -->\r\n\t<div class=\"entry-thumb\">\r\n\t\t\r\n<a href=\"https:\/\/trottinverdon.com\/en\/blog\/la-ferme-de-la-colle\/\" title=\"Permalink to La Ferme de La Colle\"><img decoding=\"async\" width=\"768\" height=\"768\" src=\"https:\/\/trottinverdon.com\/wp-content\/uploads\/2021\/07\/unnamed-1.jpg\" class=\"attachment-adventor-blog-ii-column size-adventor-blog-ii-column wp-post-image\" alt=\"\" srcset=\"https:\/\/trottinverdon.com\/wp-content\/uploads\/2021\/07\/unnamed-1.jpg 768w, https:\/\/trottinverdon.com\/wp-content\/uploads\/2021\/07\/unnamed-1-300x300.jpg 300w, https:\/\/trottinverdon.com\/wp-content\/uploads\/2021\/07\/unnamed-1-150x150.jpg 150w, https:\/\/trottinverdon.com\/wp-content\/uploads\/2021\/07\/unnamed-1-450x450.jpg 450w, https:\/\/trottinverdon.com\/wp-content\/uploads\/2021\/07\/unnamed-1-420x420.jpg 420w, https:\/\/trottinverdon.com\/wp-content\/uploads\/2021\/07\/unnamed-1-100x100.jpg 100w\" sizes=\"(max-width: 768px) 100vw, 768px\" \/><\/a>\r\n        <\/div><!-- Featured Image --><div class=\"entry-meta-group\">\r\n<!-- Entry Categories -->\r\n<div class=\"entry-categories\">\r\n\t\t\t\t<i class=\"dticon-folder\"> <\/i><a href=\"https:\/\/trottinverdon.com\/en\/blog\/category\/blog-en\/\" >Blog<\/a> <a href=\"https:\/\/trottinverdon.com\/en\/blog\/category\/cabinet-en\/\" >Cabinet<\/a> <a href=\"https:\/\/trottinverdon.com\/en\/blog\/category\/interiors-en\/\" >Interiors<\/a><\/div><!-- Entry Categories -->\r\n<!-- Entry Tags -->\r\n    <div class=\"entry-tags\"><i class=\"dticon-bookmark\"> <\/i> <a href=\"https:\/\/trottinverdon.com\/en\/blog\/tag\/multipurpose-en\/\" rel=\"tag\">Multipurpose<\/a><\/div><!-- Entry Tags -->\r\n<\/div>\r\n<!-- Entry Title -->\r\n<div class=\"entry-title\">\r\n\t<h4>    \t<a href=\"https:\/\/trottinverdon.com\/en\/blog\/la-ferme-de-la-colle\/\" title=\"Permalink to La Ferme de La Colle\">La Ferme de La Colle<\/a>\r\n\t<\/h4>\r\n<\/div><!-- Entry Title -->\r\n\t<div class=\"entry-body\"><p>La Ferme de la Colle Given that in ProvenceCheese making represents a whole know-how, Trott&#8217;in Verdon also offers its customers a visit to La ferme de la Colle. A goat farm clean and well...<\/p><\/div>\r\n\r\n<!-- Entry Button --><div class=\"entry-button\"><a href=\"https:\/\/trottinverdon.com\/en\/blog\/la-ferme-de-la-colle\/\" title=\"La Ferme de La Colle\" class=\"dt-sc-button\">Lire plus<span class=\"dticon-long-arrow-right\"><\/span><\/a><\/div><!-- Entry Button --><\/article><!-- #post-23468 --><\/div><div class=\" entry-grid-layout dt-sc-simple-style dt-sc-scalein-hover dt-sc-bt-gradient-overlay alignnone column dt-sc-one-half dt-sc-post-entry \"><!-- #post-23470 --><article id=\"post-23470\" class=\"post-23470 post type-post status-publish format-standard has-post-thumbnail hentry category-blog-en category-cabinet-en category-interiors-en tag-multipurpose-en blog-entry\">\r\n\r\n\r\n\t<!-- Featured Image -->\r\n\t<div class=\"entry-thumb\">\r\n\t\t\r\n<a href=\"https:\/\/trottinverdon.com\/en\/blog\/village-of-trigance\/\" title=\"Permalink to Village of Trigance\"><img loading=\"lazy\" decoding=\"async\" width=\"480\" height=\"320\" src=\"https:\/\/trottinverdon.com\/wp-content\/uploads\/2022\/07\/trigance.jpg\" class=\"attachment-adventor-blog-ii-column size-adventor-blog-ii-column wp-post-image\" alt=\"\" srcset=\"https:\/\/trottinverdon.com\/wp-content\/uploads\/2022\/07\/trigance.jpg 480w, https:\/\/trottinverdon.com\/wp-content\/uploads\/2022\/07\/trigance-300x200.jpg 300w\" sizes=\"(max-width: 480px) 100vw, 480px\" \/><\/a>\r\n        <\/div><!-- Featured Image --><div class=\"entry-meta-group\">\r\n<!-- Entry Categories -->\r\n<div class=\"entry-categories\">\r\n\t\t\t\t<i class=\"dticon-folder\"> <\/i><a href=\"https:\/\/trottinverdon.com\/en\/blog\/category\/blog-en\/\" >Blog<\/a> <a href=\"https:\/\/trottinverdon.com\/en\/blog\/category\/cabinet-en\/\" >Cabinet<\/a> <a href=\"https:\/\/trottinverdon.com\/en\/blog\/category\/interiors-en\/\" >Interiors<\/a><\/div><!-- Entry Categories -->\r\n<!-- Entry Tags -->\r\n    <div class=\"entry-tags\"><i class=\"dticon-bookmark\"> <\/i> <a href=\"https:\/\/trottinverdon.com\/en\/blog\/tag\/multipurpose-en\/\" rel=\"tag\">Multipurpose<\/a><\/div><!-- Entry Tags -->\r\n<\/div>\r\n<!-- Entry Title -->\r\n<div class=\"entry-title\">\r\n\t<h4>    \t<a href=\"https:\/\/trottinverdon.com\/en\/blog\/village-of-trigance\/\" title=\"Permalink to Village of Trigance\">Village of Trigance<\/a>\r\n\t<\/h4>\r\n<\/div><!-- Entry Title -->\r\n\t<div class=\"entry-body\"><p>The village of Trigance Did you know that? 9 kilometers from the Gorges du Verdon, there is a small village, rich in monuments, called Trigance. It is a place known for its history and...<\/p><\/div>\r\n\r\n<!-- Entry Button --><div class=\"entry-button\"><a href=\"https:\/\/trottinverdon.com\/en\/blog\/village-of-trigance\/\" title=\"Village of Trigance\" class=\"dt-sc-button\">Lire plus<span class=\"dticon-long-arrow-right\"><\/span><\/a><\/div><!-- Entry Button --><\/article><!-- #post-23470 --><\/div><div class=\" entry-grid-layout dt-sc-simple-style dt-sc-scalein-hover dt-sc-bt-gradient-overlay alignnone column dt-sc-one-half dt-sc-post-entry \"><!-- #post-23474 --><article id=\"post-23474\" class=\"post-23474 post type-post status-publish format-standard has-post-thumbnail hentry category-blog-en category-cabinet-en category-interiors-en tag-multipurpose-en blog-entry\">\r\n\r\n\r\n\t<!-- Featured Image -->\r\n\t<div class=\"entry-thumb\">\r\n\t\t\r\n<a href=\"https:\/\/trottinverdon.com\/en\/blog\/how-to-come-to-the-gorges-du-verdon\/\" title=\"Permalink to How to come to the Gorges du Verdon ?\"><img loading=\"lazy\" decoding=\"async\" width=\"1920\" height=\"1280\" src=\"https:\/\/trottinverdon.com\/wp-content\/uploads\/2021\/07\/Le-Verdon-sarrete-linstant-dun-moment.jpg\" class=\"attachment-adventor-blog-ii-column size-adventor-blog-ii-column wp-post-image\" alt=\"\" srcset=\"https:\/\/trottinverdon.com\/wp-content\/uploads\/2021\/07\/Le-Verdon-sarrete-linstant-dun-moment.jpg 1920w, https:\/\/trottinverdon.com\/wp-content\/uploads\/2021\/07\/Le-Verdon-sarrete-linstant-dun-moment-300x200.jpg 300w, https:\/\/trottinverdon.com\/wp-content\/uploads\/2021\/07\/Le-Verdon-sarrete-linstant-dun-moment-1024x683.jpg 1024w, https:\/\/trottinverdon.com\/wp-content\/uploads\/2021\/07\/Le-Verdon-sarrete-linstant-dun-moment-768x512.jpg 768w, https:\/\/trottinverdon.com\/wp-content\/uploads\/2021\/07\/Le-Verdon-sarrete-linstant-dun-moment-1536x1024.jpg 1536w, https:\/\/trottinverdon.com\/wp-content\/uploads\/2021\/07\/Le-Verdon-sarrete-linstant-dun-moment-1000x667.jpg 1000w\" sizes=\"(max-width: 1920px) 100vw, 1920px\" \/><\/a>\r\n        <\/div><!-- Featured Image --><div class=\"entry-meta-group\">\r\n<!-- Entry Categories -->\r\n<div class=\"entry-categories\">\r\n\t\t\t\t<i class=\"dticon-folder\"> <\/i><a href=\"https:\/\/trottinverdon.com\/en\/blog\/category\/blog-en\/\" >Blog<\/a> <a href=\"https:\/\/trottinverdon.com\/en\/blog\/category\/cabinet-en\/\" >Cabinet<\/a> <a href=\"https:\/\/trottinverdon.com\/en\/blog\/category\/interiors-en\/\" >Interiors<\/a><\/div><!-- Entry Categories -->\r\n<!-- Entry Tags -->\r\n    <div class=\"entry-tags\"><i class=\"dticon-bookmark\"> <\/i> <a href=\"https:\/\/trottinverdon.com\/en\/blog\/tag\/multipurpose-en\/\" rel=\"tag\">Multipurpose<\/a><\/div><!-- Entry Tags -->\r\n<\/div>\r\n<!-- Entry Title -->\r\n<div class=\"entry-title\">\r\n\t<h4>    \t<a href=\"https:\/\/trottinverdon.com\/en\/blog\/how-to-come-to-the-gorges-du-verdon\/\" title=\"Permalink to How to come to the Gorges du Verdon ?\">How to come to the Gorges du Verdon ?<\/a>\r\n\t<\/h4>\r\n<\/div><!-- Entry Title -->\r\n\t<div class=\"entry-body\"><p>How to come to the Gorges du Verdon ? Looking for a way to come to the Gorges du Verdon? Want to discover the Verdon without your own vehicle? How to get around the...<\/p><\/div>\r\n\r\n<!-- Entry Button --><div class=\"entry-button\"><a href=\"https:\/\/trottinverdon.com\/en\/blog\/how-to-come-to-the-gorges-du-verdon\/\" title=\"How to come to the Gorges du Verdon ?\" class=\"dt-sc-button\">Lire plus<span class=\"dticon-long-arrow-right\"><\/span><\/a><\/div><!-- Entry Button --><\/article><!-- #post-23474 --><\/div><div class=\" entry-grid-layout dt-sc-simple-style dt-sc-scalein-hover dt-sc-bt-gradient-overlay alignnone column dt-sc-one-half dt-sc-post-entry \"><!-- #post-23485 --><article id=\"post-23485\" class=\"post-23485 post type-post status-publish format-standard has-post-thumbnail hentry category-blog-en category-cabinet-en category-interiors-en tag-multipurpose-en blog-entry\">\r\n\r\n\r\n\t<!-- Featured Image -->\r\n\t<div class=\"entry-thumb\">\r\n\t\t\r\n<a href=\"https:\/\/trottinverdon.com\/en\/blog\/the-train-of-the-pignes\/\" title=\"Permalink to The train of the Pignes\"><img loading=\"lazy\" decoding=\"async\" width=\"2560\" height=\"1700\" src=\"https:\/\/trottinverdon.com\/wp-content\/uploads\/2022\/07\/Train_des_Pignes-scaled.jpg\" class=\"attachment-adventor-blog-ii-column size-adventor-blog-ii-column wp-post-image\" alt=\"\" srcset=\"https:\/\/trottinverdon.com\/wp-content\/uploads\/2022\/07\/Train_des_Pignes-scaled.jpg 2560w, https:\/\/trottinverdon.com\/wp-content\/uploads\/2022\/07\/Train_des_Pignes-300x199.jpg 300w, https:\/\/trottinverdon.com\/wp-content\/uploads\/2022\/07\/Train_des_Pignes-1024x680.jpg 1024w, https:\/\/trottinverdon.com\/wp-content\/uploads\/2022\/07\/Train_des_Pignes-768x510.jpg 768w, https:\/\/trottinverdon.com\/wp-content\/uploads\/2022\/07\/Train_des_Pignes-1536x1020.jpg 1536w, https:\/\/trottinverdon.com\/wp-content\/uploads\/2022\/07\/Train_des_Pignes-2048x1360.jpg 2048w, https:\/\/trottinverdon.com\/wp-content\/uploads\/2022\/07\/Train_des_Pignes-1000x664.jpg 1000w\" sizes=\"(max-width: 2560px) 100vw, 2560px\" \/><\/a>\r\n        <\/div><!-- Featured Image --><div class=\"entry-meta-group\">\r\n<!-- Entry Categories -->\r\n<div class=\"entry-categories\">\r\n\t\t\t\t<i class=\"dticon-folder\"> <\/i><a href=\"https:\/\/trottinverdon.com\/en\/blog\/category\/blog-en\/\" >Blog<\/a> <a href=\"https:\/\/trottinverdon.com\/en\/blog\/category\/cabinet-en\/\" >Cabinet<\/a> <a href=\"https:\/\/trottinverdon.com\/en\/blog\/category\/interiors-en\/\" >Interiors<\/a><\/div><!-- Entry Categories -->\r\n<!-- Entry Tags -->\r\n    <div class=\"entry-tags\"><i class=\"dticon-bookmark\"> <\/i> <a href=\"https:\/\/trottinverdon.com\/en\/blog\/tag\/multipurpose-en\/\" rel=\"tag\">Multipurpose<\/a><\/div><!-- Entry Tags -->\r\n<\/div>\r\n<!-- Entry Title -->\r\n<div class=\"entry-title\">\r\n\t<h4>    \t<a href=\"https:\/\/trottinverdon.com\/en\/blog\/the-train-of-the-pignes\/\" title=\"Permalink to The train of the Pignes\">The train of the Pignes<\/a>\r\n\t<\/h4>\r\n<\/div><!-- Entry Title -->\r\n\t<div class=\"entry-body\"><p>The Train des Pignes Imagined in 1861 by the Dignois inventor Alfonse Beau de Rochas, the Train des Pignes line was designed to link the Mediterranean (Nice) to the Alps (Grenoble). It is finally...<\/p><\/div>\r\n\r\n<!-- Entry Button --><div class=\"entry-button\"><a href=\"https:\/\/trottinverdon.com\/en\/blog\/the-train-of-the-pignes\/\" title=\"The train of the Pignes\" class=\"dt-sc-button\">Lire plus<span class=\"dticon-long-arrow-right\"><\/span><\/a><\/div><!-- Entry Button --><\/article><!-- #post-23485 --><\/div><div class=\" entry-grid-layout dt-sc-simple-style dt-sc-scalein-hover dt-sc-bt-gradient-overlay alignnone column dt-sc-one-half dt-sc-post-entry \"><!-- #post-23478 --><article id=\"post-23478\" class=\"post-23478 post type-post status-publish format-standard has-post-thumbnail hentry category-blog-en category-cabinet-en category-interiors-en tag-multipurpose-en blog-entry\">\r\n\r\n\r\n\t<!-- Featured Image -->\r\n\t<div class=\"entry-thumb\">\r\n\t\t\r\n<a href=\"https:\/\/trottinverdon.com\/en\/blog\/the-village-of-bargeme\/\" title=\"Permalink to The village of Barg\u00e8me\"><img loading=\"lazy\" decoding=\"async\" width=\"600\" height=\"450\" src=\"https:\/\/trottinverdon.com\/wp-content\/uploads\/2021\/07\/bargeme-6159_w600.webp\" class=\"attachment-adventor-blog-ii-column size-adventor-blog-ii-column wp-post-image\" alt=\"\" srcset=\"https:\/\/trottinverdon.com\/wp-content\/uploads\/2021\/07\/bargeme-6159_w600.webp 600w, https:\/\/trottinverdon.com\/wp-content\/uploads\/2021\/07\/bargeme-6159_w600-300x225.webp 300w\" sizes=\"(max-width: 600px) 100vw, 600px\" \/><\/a>\r\n        <\/div><!-- Featured Image --><div class=\"entry-meta-group\">\r\n<!-- Entry Categories -->\r\n<div class=\"entry-categories\">\r\n\t\t\t\t<i class=\"dticon-folder\"> <\/i><a href=\"https:\/\/trottinverdon.com\/en\/blog\/category\/blog-en\/\" >Blog<\/a> <a href=\"https:\/\/trottinverdon.com\/en\/blog\/category\/cabinet-en\/\" >Cabinet<\/a> <a href=\"https:\/\/trottinverdon.com\/en\/blog\/category\/interiors-en\/\" >Interiors<\/a><\/div><!-- Entry Categories -->\r\n<!-- Entry Tags -->\r\n    <div class=\"entry-tags\"><i class=\"dticon-bookmark\"> <\/i> <a href=\"https:\/\/trottinverdon.com\/en\/blog\/tag\/multipurpose-en\/\" rel=\"tag\">Multipurpose<\/a><\/div><!-- Entry Tags -->\r\n<\/div>\r\n<!-- Entry Title -->\r\n<div class=\"entry-title\">\r\n\t<h4>    \t<a href=\"https:\/\/trottinverdon.com\/en\/blog\/the-village-of-bargeme\/\" title=\"Permalink to The village of Barg\u00e8me\">The village of Barg\u00e8me<\/a>\r\n\t<\/h4>\r\n<\/div><!-- Entry Title -->\r\n\t<div class=\"entry-body\"><p>The village of Barg\u00e8me Located east of the Gorges du Verdon, about twenty kilometers from Castellane, Barg\u00e8me is one of the most beautiful villages in France. It is also the highest village of the...<\/p><\/div>\r\n\r\n<!-- Entry Button --><div class=\"entry-button\"><a href=\"https:\/\/trottinverdon.com\/en\/blog\/the-village-of-bargeme\/\" title=\"The village of Barg\u00e8me\" class=\"dt-sc-button\">Lire plus<span class=\"dticon-long-arrow-right\"><\/span><\/a><\/div><!-- Entry Button --><\/article><!-- #post-23478 --><\/div><div class=\" entry-grid-layout dt-sc-simple-style dt-sc-scalein-hover dt-sc-bt-gradient-overlay alignnone column dt-sc-one-half dt-sc-post-entry \"><!-- #post-23480 --><article id=\"post-23480\" class=\"post-23480 post type-post status-publish format-standard has-post-thumbnail hentry category-blog-en category-cabinet-en category-interiors-en tag-multipurpose-en blog-entry\">\r\n\r\n\r\n\t<!-- Featured Image -->\r\n\t<div class=\"entry-thumb\">\r\n\t\t\r\n<a href=\"https:\/\/trottinverdon.com\/en\/blog\/the-village-of-la-martre\/\" title=\"Permalink to The village of La Martre\"><img loading=\"lazy\" decoding=\"async\" width=\"670\" height=\"446\" src=\"https:\/\/trottinverdon.com\/wp-content\/uploads\/2021\/07\/La-Martre.-Eglise.-P.-Verli.jpg\" class=\"attachment-adventor-blog-ii-column size-adventor-blog-ii-column wp-post-image\" alt=\"\" srcset=\"https:\/\/trottinverdon.com\/wp-content\/uploads\/2021\/07\/La-Martre.-Eglise.-P.-Verli.jpg 670w, https:\/\/trottinverdon.com\/wp-content\/uploads\/2021\/07\/La-Martre.-Eglise.-P.-Verli-300x200.jpg 300w\" sizes=\"(max-width: 670px) 100vw, 670px\" \/><\/a>\r\n        <\/div><!-- Featured Image --><div class=\"entry-meta-group\">\r\n<!-- Entry Categories -->\r\n<div class=\"entry-categories\">\r\n\t\t\t\t<i class=\"dticon-folder\"> <\/i><a href=\"https:\/\/trottinverdon.com\/en\/blog\/category\/blog-en\/\" >Blog<\/a> <a href=\"https:\/\/trottinverdon.com\/en\/blog\/category\/cabinet-en\/\" >Cabinet<\/a> <a href=\"https:\/\/trottinverdon.com\/en\/blog\/category\/interiors-en\/\" >Interiors<\/a><\/div><!-- Entry Categories -->\r\n<!-- Entry Tags -->\r\n    <div class=\"entry-tags\"><i class=\"dticon-bookmark\"> <\/i> <a href=\"https:\/\/trottinverdon.com\/en\/blog\/tag\/multipurpose-en\/\" rel=\"tag\">Multipurpose<\/a><\/div><!-- Entry Tags -->\r\n<\/div>\r\n<!-- Entry Title -->\r\n<div class=\"entry-title\">\r\n\t<h4>    \t<a href=\"https:\/\/trottinverdon.com\/en\/blog\/the-village-of-la-martre\/\" title=\"Permalink to The village of La Martre\">The village of La Martre<\/a>\r\n\t<\/h4>\r\n<\/div><!-- Entry Title -->\r\n\t<div class=\"entry-body\"><p>The village of La Martre The village of La Martre is located in the Haut-Var at 997m altitude, behind the Brouis mountain in the Artuby valley. Surrounded by mountains, woods and meadows, the village...<\/p><\/div>\r\n\r\n<!-- Entry Button --><div class=\"entry-button\"><a href=\"https:\/\/trottinverdon.com\/en\/blog\/the-village-of-la-martre\/\" title=\"The village of La Martre\" class=\"dt-sc-button\">Lire plus<span class=\"dticon-long-arrow-right\"><\/span><\/a><\/div><!-- Entry Button --><\/article><!-- #post-23480 --><\/div><\/div><div class=\"pagination blog-pagination\"><div class=\"column one pager_wrapper\"><ul class='page-numbers'>\n\t<li><span aria-current=\"page\" class=\"page-numbers current\">1<\/span><\/li>\n\t<li><a class=\"page-numbers\" href=\"https:\/\/trottinverdon.com\/en\/wp-json\/wp\/v2\/pages\/23514\/page\/2\/\">2<\/a><\/li>\n\t<li><a class=\"next page-numbers\" href=\"https:\/\/trottinverdon.com\/en\/wp-json\/wp\/v2\/pages\/23514\/page\/2\/\"><i class=\"dticon-angle-double-right\"><\/i><\/a><\/li>\n<\/ul>\n<\/div>\n<\/div><\/div>\t\t<\/div>\n\t\t\t\t<\/div>\n\t\t\t\t\t<\/div>\n\t\t<\/div>\n\t\t\t\t\t<\/div>\n\t\t<\/section>\n\t\t\t\t<\/div>\n\t\t","protected":false},"excerpt":{"rendered":"<p>Blog Cabinet Interiors Multipurpose Le plateau de Valensole Plateau de Valensole Pittoresque petit ville proven\u00e7ale, Valensole porte bien son nom&nbsp;: il vient de Vallis et de Sallis, la \u00ab&nbsp;Vall\u00e9e du Soleil&nbsp;\u00bb. Le village de Valensole est connu pour ses maisons typiquement proven\u00e7ales&#8230; Lire plus Blog Cabinet Interiors Multipurpose Ch\u00e2teau de Trigance Ch\u00e2teau de Trigance Le [&hellip;]<\/p>\n","protected":false},"author":1,"featured_media":21867,"parent":0,"menu_order":0,"comment_status":"closed","ping_status":"closed","template":"","meta":{"footnotes":""},"class_list":["post-23514","page","type-page","status-publish","has-post-thumbnail","hentry","blog-entry","format-standard"],"yoast_head":"<!-- This site is optimized with the Yoast SEO Premium plugin v18.8 (Yoast SEO v22.4) - https:\/\/yoast.com\/wordpress\/plugins\/seo\/ -->\n<title>Trott&#039;in Verdon - The blog of Trott&#039;in Verdon<\/title>\n<meta name=\"description\" content=\"Trott&#039;in Verdon is to visit the surroundings of the Alpes de Haute Provence with an ecological and sustainable machine. Make a reservation at +33 6 75 93 66 38\" \/>\n<meta name=\"robots\" content=\"index, follow, max-snippet:-1, max-image-preview:large, max-video-preview:-1\" \/>\n<link rel=\"canonical\" href=\"https:\/\/trottinverdon.com\/en\/the-blog-of-trott-in-verdon\/\" \/>\n<meta property=\"og:locale\" content=\"en_US\" \/>\n<meta property=\"og:type\" content=\"article\" \/>\n<meta property=\"og:title\" content=\"Blog\" \/>\n<meta property=\"og:description\" content=\"Trott&#039;in Verdon is to visit the surroundings of the Alpes de Haute Provence with an ecological and sustainable machine. Make a reservation at +33 6 75 93 66 38\" \/>\n<meta property=\"og:url\" content=\"https:\/\/trottinverdon.com\/en\/the-blog-of-trott-in-verdon\/\" \/>\n<meta property=\"og:site_name\" content=\"Trott&#039;in Verdon - La libert\u00e9 au coeur de la Provence\" \/>\n<meta property=\"article:modified_time\" content=\"2023-05-01T11:59:10+00:00\" \/>\n<meta property=\"og:image\" content=\"https:\/\/trottinverdon.com\/wp-content\/uploads\/2022\/08\/plateau-de-valensole.jpg\" \/>\n\t<meta property=\"og:image:width\" content=\"1688\" \/>\n\t<meta property=\"og:image:height\" content=\"1125\" \/>\n\t<meta property=\"og:image:type\" content=\"image\/jpeg\" \/>\n<meta name=\"twitter:card\" content=\"summary_large_image\" \/>\n<meta name=\"twitter:label1\" content=\"Est. reading time\" \/>\n\t<meta name=\"twitter:data1\" content=\"4 minutes\" \/>\n<script type=\"application\/ld+json\" class=\"yoast-schema-graph\">{\"@context\":\"https:\/\/schema.org\",\"@graph\":[{\"@type\":\"WebPage\",\"@id\":\"https:\/\/trottinverdon.com\/en\/the-blog-of-trott-in-verdon\/\",\"url\":\"https:\/\/trottinverdon.com\/en\/the-blog-of-trott-in-verdon\/\",\"name\":\"Trott'in Verdon - The blog of Trott'in Verdon\",\"isPartOf\":{\"@id\":\"https:\/\/trottinverdon.com\/#website\"},\"primaryImageOfPage\":{\"@id\":\"https:\/\/trottinverdon.com\/en\/the-blog-of-trott-in-verdon\/#primaryimage\"},\"image\":{\"@id\":\"https:\/\/trottinverdon.com\/en\/the-blog-of-trott-in-verdon\/#primaryimage\"},\"thumbnailUrl\":\"https:\/\/trottinverdon.com\/wp-content\/uploads\/2022\/08\/plateau-de-valensole.jpg\",\"datePublished\":\"2021-07-06T07:04:34+00:00\",\"dateModified\":\"2023-05-01T11:59:10+00:00\",\"description\":\"Trott'in Verdon is to visit the surroundings of the Alpes de Haute Provence with an ecological and sustainable machine. Make a reservation at +33 6 75 93 66 38\",\"breadcrumb\":{\"@id\":\"https:\/\/trottinverdon.com\/en\/the-blog-of-trott-in-verdon\/#breadcrumb\"},\"inLanguage\":\"en-US\",\"potentialAction\":[{\"@type\":\"ReadAction\",\"target\":[\"https:\/\/trottinverdon.com\/en\/the-blog-of-trott-in-verdon\/\"]}]},{\"@type\":\"ImageObject\",\"inLanguage\":\"en-US\",\"@id\":\"https:\/\/trottinverdon.com\/en\/the-blog-of-trott-in-verdon\/#primaryimage\",\"url\":\"https:\/\/trottinverdon.com\/wp-content\/uploads\/2022\/08\/plateau-de-valensole.jpg\",\"contentUrl\":\"https:\/\/trottinverdon.com\/wp-content\/uploads\/2022\/08\/plateau-de-valensole.jpg\",\"width\":1688,\"height\":1125},{\"@type\":\"BreadcrumbList\",\"@id\":\"https:\/\/trottinverdon.com\/en\/the-blog-of-trott-in-verdon\/#breadcrumb\",\"itemListElement\":[{\"@type\":\"ListItem\",\"position\":1,\"name\":\"Home\",\"item\":\"https:\/\/trottinverdon.com\/en\/\"},{\"@type\":\"ListItem\",\"position\":2,\"name\":\"Blog\"}]},{\"@type\":\"WebSite\",\"@id\":\"https:\/\/trottinverdon.com\/#website\",\"url\":\"https:\/\/trottinverdon.com\/\",\"name\":\"Trott&#039;in Verdon - La libert\u00e9 au coeur de la Provence\",\"description\":\"La libert\u00e9 au coeur de la Provence\",\"publisher\":{\"@id\":\"https:\/\/trottinverdon.com\/#organization\"},\"potentialAction\":[{\"@type\":\"SearchAction\",\"target\":{\"@type\":\"EntryPoint\",\"urlTemplate\":\"https:\/\/trottinverdon.com\/?s={search_term_string}\"},\"query-input\":\"required name=search_term_string\"}],\"inLanguage\":\"en-US\"},{\"@type\":\"Organization\",\"@id\":\"https:\/\/trottinverdon.com\/#organization\",\"name\":\"Trott&#039;in Verdon - La libert\u00e9 au coeur de la Provence\",\"url\":\"https:\/\/trottinverdon.com\/\",\"logo\":{\"@type\":\"ImageObject\",\"inLanguage\":\"en-US\",\"@id\":\"https:\/\/trottinverdon.com\/#\/schema\/logo\/image\/\",\"url\":\"https:\/\/trottinverdon.com\/wp-content\/uploads\/2023\/04\/cropped-Logo_Plan-de-travail-1-copie-6.png\",\"contentUrl\":\"https:\/\/trottinverdon.com\/wp-content\/uploads\/2023\/04\/cropped-Logo_Plan-de-travail-1-copie-6.png\",\"width\":511,\"height\":511,\"caption\":\"Trott&#039;in Verdon - La libert\u00e9 au coeur de la Provence\"},\"image\":{\"@id\":\"https:\/\/trottinverdon.com\/#\/schema\/logo\/image\/\"}}]}<\/script>\n<!-- \/ Yoast SEO Premium plugin. -->","yoast_head_json":{"title":"Trott'in Verdon - The blog of Trott'in Verdon","description":"Trott'in Verdon is to visit the surroundings of the Alpes de Haute Provence with an ecological and sustainable machine. Make a reservation at +33 6 75 93 66 38","robots":{"index":"index","follow":"follow","max-snippet":"max-snippet:-1","max-image-preview":"max-image-preview:large","max-video-preview":"max-video-preview:-1"},"canonical":"https:\/\/trottinverdon.com\/en\/the-blog-of-trott-in-verdon\/","og_locale":"en_US","og_type":"article","og_title":"Blog","og_description":"Trott'in Verdon is to visit the surroundings of the Alpes de Haute Provence with an ecological and sustainable machine. Make a reservation at +33 6 75 93 66 38","og_url":"https:\/\/trottinverdon.com\/en\/the-blog-of-trott-in-verdon\/","og_site_name":"Trott&#039;in Verdon - La libert\u00e9 au coeur de la Provence","article_modified_time":"2023-05-01T11:59:10+00:00","og_image":[{"width":1688,"height":1125,"url":"https:\/\/trottinverdon.com\/wp-content\/uploads\/2022\/08\/plateau-de-valensole.jpg","type":"image\/jpeg"}],"twitter_card":"summary_large_image","twitter_misc":{"Est. reading time":"4 minutes"},"schema":{"@context":"https:\/\/schema.org","@graph":[{"@type":"WebPage","@id":"https:\/\/trottinverdon.com\/en\/the-blog-of-trott-in-verdon\/","url":"https:\/\/trottinverdon.com\/en\/the-blog-of-trott-in-verdon\/","name":"Trott'in Verdon - The blog of Trott'in Verdon","isPartOf":{"@id":"https:\/\/trottinverdon.com\/#website"},"primaryImageOfPage":{"@id":"https:\/\/trottinverdon.com\/en\/the-blog-of-trott-in-verdon\/#primaryimage"},"image":{"@id":"https:\/\/trottinverdon.com\/en\/the-blog-of-trott-in-verdon\/#primaryimage"},"thumbnailUrl":"https:\/\/trottinverdon.com\/wp-content\/uploads\/2022\/08\/plateau-de-valensole.jpg","datePublished":"2021-07-06T07:04:34+00:00","dateModified":"2023-05-01T11:59:10+00:00","description":"Trott'in Verdon is to visit the surroundings of the Alpes de Haute Provence with an ecological and sustainable machine. Make a reservation at +33 6 75 93 66 38","breadcrumb":{"@id":"https:\/\/trottinverdon.com\/en\/the-blog-of-trott-in-verdon\/#breadcrumb"},"inLanguage":"en-US","potentialAction":[{"@type":"ReadAction","target":["https:\/\/trottinverdon.com\/en\/the-blog-of-trott-in-verdon\/"]}]},{"@type":"ImageObject","inLanguage":"en-US","@id":"https:\/\/trottinverdon.com\/en\/the-blog-of-trott-in-verdon\/#primaryimage","url":"https:\/\/trottinverdon.com\/wp-content\/uploads\/2022\/08\/plateau-de-valensole.jpg","contentUrl":"https:\/\/trottinverdon.com\/wp-content\/uploads\/2022\/08\/plateau-de-valensole.jpg","width":1688,"height":1125},{"@type":"BreadcrumbList","@id":"https:\/\/trottinverdon.com\/en\/the-blog-of-trott-in-verdon\/#breadcrumb","itemListElement":[{"@type":"ListItem","position":1,"name":"Home","item":"https:\/\/trottinverdon.com\/en\/"},{"@type":"ListItem","position":2,"name":"Blog"}]},{"@type":"WebSite","@id":"https:\/\/trottinverdon.com\/#website","url":"https:\/\/trottinverdon.com\/","name":"Trott&#039;in Verdon - La libert\u00e9 au coeur de la Provence","description":"La libert\u00e9 au coeur de la Provence","publisher":{"@id":"https:\/\/trottinverdon.com\/#organization"},"potentialAction":[{"@type":"SearchAction","target":{"@type":"EntryPoint","urlTemplate":"https:\/\/trottinverdon.com\/?s={search_term_string}"},"query-input":"required name=search_term_string"}],"inLanguage":"en-US"},{"@type":"Organization","@id":"https:\/\/trottinverdon.com\/#organization","name":"Trott&#039;in Verdon - La libert\u00e9 au coeur de la Provence","url":"https:\/\/trottinverdon.com\/","logo":{"@type":"ImageObject","inLanguage":"en-US","@id":"https:\/\/trottinverdon.com\/#\/schema\/logo\/image\/","url":"https:\/\/trottinverdon.com\/wp-content\/uploads\/2023\/04\/cropped-Logo_Plan-de-travail-1-copie-6.png","contentUrl":"https:\/\/trottinverdon.com\/wp-content\/uploads\/2023\/04\/cropped-Logo_Plan-de-travail-1-copie-6.png","width":511,"height":511,"caption":"Trott&#039;in Verdon - La libert\u00e9 au coeur de la Provence"},"image":{"@id":"https:\/\/trottinverdon.com\/#\/schema\/logo\/image\/"}}]}},"_links":{"self":[{"href":"https:\/\/trottinverdon.com\/en\/wp-json\/wp\/v2\/pages\/23514","targetHints":{"allow":["GET"]}}],"collection":[{"href":"https:\/\/trottinverdon.com\/en\/wp-json\/wp\/v2\/pages"}],"about":[{"href":"https:\/\/trottinverdon.com\/en\/wp-json\/wp\/v2\/types\/page"}],"author":[{"embeddable":true,"href":"https:\/\/trottinverdon.com\/en\/wp-json\/wp\/v2\/users\/1"}],"replies":[{"embeddable":true,"href":"https:\/\/trottinverdon.com\/en\/wp-json\/wp\/v2\/comments?post=23514"}],"version-history":[{"count":12,"href":"https:\/\/trottinverdon.com\/en\/wp-json\/wp\/v2\/pages\/23514\/revisions"}],"predecessor-version":[{"id":23678,"href":"https:\/\/trottinverdon.com\/en\/wp-json\/wp\/v2\/pages\/23514\/revisions\/23678"}],"wp:featuredmedia":[{"embeddable":true,"href":"https:\/\/trottinverdon.com\/en\/wp-json\/wp\/v2\/media\/21867"}],"wp:attachment":[{"href":"https:\/\/trottinverdon.com\/en\/wp-json\/wp\/v2\/media?parent=23514"}],"curies":[{"name":"wp","href":"https:\/\/api.w.org\/{rel}","templated":true}]}}